{"id":16304,"date":"2024-10-28T12:04:35","date_gmt":"2024-10-28T11:04:35","guid":{"rendered":"https:\/\/comixburo.com\/?post_type=product&#038;p=16304"},"modified":"2025-05-06T11:13:58","modified_gmt":"2025-05-06T09:13:58","slug":"sa-majeste-des-ours-tome-2","status":"publish","type":"product","link":"https:\/\/comixburo.com\/en\/product\/sa-majeste-des-ours-tome-2\/","title":{"rendered":"Sa majest\u00e9 des ours &#8211; tome 2"},"content":{"rendered":"<p class=\"\" data-start=\"147\" data-end=\"205\"><strong data-start=\"147\" data-end=\"205\">Sa Majest\u00e9 des Ours \u2013 Tome 2 : Nous tomberons ensemble<\/strong><\/p>\n<p class=\"\" data-start=\"207\" data-end=\"478\"><span class=\"relative -mx-px my-[-0.2rem] rounded px-px py-[0.2rem] transition-colors duration-100 ease-in-out\">Dans ce second tome de <em data-start=\"23\" data-end=\"44\">Sa Majest\u00e9 des Ours<\/em>, la tension monte.<\/span> <span class=\"relative -mx-px my-[-0.2rem] rounded px-px py-[0.2rem] transition-colors duration-100 ease-in-out\">Captur\u00e9s par un \u00e9l\u00e9phant g\u00e9ant, Nyx, Kodiak et Ifrit sont emmen\u00e9s au c\u0153ur de la jungle.<\/span> <span class=\"relative -mx-px my-[-0.2rem] rounded px-px py-[0.2rem] transition-colors duration-100 ease-in-out\">Coinc\u00e9s dans sa patte, ils se dirigent vers une destination inconnue.<\/span> <span class=\"relative -mx-px my-[-0.2rem] rounded px-px py-[0.2rem] transition-colors duration-100 ease-in-out\">Th\u00e9l\u00e8me, Struzzo et Milhius, t\u00e9moins impuissants, sont d\u00e9termin\u00e9s \u00e0 les retrouver.<\/span> <span class=\"relative -mx-px my-[-0.2rem] rounded px-px py-[0.2rem] transition-colors duration-100 ease-in-out\">Parall\u00e8lement, \u00e0 Valencyre, la r\u00e9sistance s&rsquo;organise pour contrer le coup d&rsquo;\u00c9tat de Kermodes.<\/span> <span class=\"relative -mx-px my-[-0.2rem] rounded px-px py-[0.2rem] transition-colors duration-100 ease-in-out\">Tous les \u00e9v\u00e9nements semblent converger vers le chaos.<\/span><\/p>\n<p class=\"\" data-start=\"480\" data-end=\"601\"><span class=\"relative -mx-px my-[-0.2rem] rounded px-px py-[0.2rem] transition-colors duration-100 ease-in-out\">Cette bande dessin\u00e9e de fantasy, sc\u00e9naris\u00e9e par <a href=\"https:\/\/www.instagram.com\/majordobbs\/\">Dobbs<\/a> et illustr\u00e9e par <a href=\"https:\/\/www.instagram.com\/cassegrain.didier\/\">Didier Cassegrain<\/a>, plonge le lecteur dans un univers riche et complexe.<\/span> <span class=\"relative -mx-px my-[-0.2rem] rounded px-px py-[0.2rem] transition-colors duration-100 ease-in-out\">\u00c0 travers des personnages anthropomorphes, l&rsquo;\u0153uvre explore des th\u00e8mes profonds tels que le pouvoir, la trahison et la survie.<\/span><\/p>\n<p class=\"\" data-start=\"480\" data-end=\"601\">\u00c9dit\u00e9 sous le label <a href=\"https:\/\/comixburo.com\/en\/\">Comix Buro<\/a>.\u200b<\/p>","protected":false},"excerpt":{"rendered":"<article class=\"text-token-text-primary w-full\" dir=\"auto\" data-testid=\"conversation-turn-120\" data-scroll-anchor=\"true\">\n<div class=\"text-base my-auto mx-auto py-5 [--thread-content-margin:--spacing(4)] @[37rem]:[--thread-content-margin:--spacing(6)] @[70rem]:[--thread-content-margin:--spacing(12)] px-(--thread-content-margin)\">\n<div class=\"[--thread-content-max-width:32rem] @[34rem]:[--thread-content-max-width:40rem] @[64rem]:[--thread-content-max-width:48rem] mx-auto flex max-w-(--thread-content-max-width) flex-1 text-base gap-4 md:gap-5 lg:gap-6 group\/turn-messages focus-visible:outline-hidden\" tabindex=\"-1\">\n<div class=\"group\/conversation-turn relative flex w-full min-w-0 flex-col agent-turn\">\n<div class=\"relative flex-col gap-1 md:gap-3\">\n<div class=\"flex max-w-full flex-col grow\">\n<div class=\"min-h-8 text-message relative flex w-full flex-col items-end gap-2 text-start break-words whitespace-normal [.text-message+&amp;]:mt-5\" dir=\"auto\" data-message-author-role=\"assistant\" data-message-id=\"be199429-f944-4e4d-8249-6c22cbbff138\" data-message-model-slug=\"gpt-4o\">\n<div class=\"flex w-full flex-col gap-1 empty:hidden first:pt-[3px]\">\n<div class=\"markdown prose dark:prose-invert w-full break-words dark\">\n<p class=\"\" data-start=\"0\" data-end=\"265\">La guerre gronde \u00e0 Holmgaard. Tandis que Von Noord tente de pr\u00e9server son royaume, Ifrit d\u00e9couvre peu \u00e0 peu la v\u00e9rit\u00e9 sur ses origines. Entre trahisons, proph\u00e9ties et batailles, le tome 2 de <em data-start=\"191\" data-end=\"212\">Sa Majest\u00e9 des Ours<\/em> pousse plus loin l\u2019intrigue et la tension politique.<\/p>\n<\/div>\n<\/div>\n<\/div>\n<\/div>\n<\/div>\n<\/div>\n<\/div>\n<\/div>\n<\/article>","protected":false},"featured_media":16035,"comment_status":"open","ping_status":"closed","template":"","meta":[],"product_brand":[108],"product_cat":[97,110,87,93],"product_tag":[],"class_list":{"0":"post-16304","1":"product","2":"type-product","3":"status-publish","4":"has-post-thumbnail","6":"product_brand-comix-buro","7":"product_cat-bd","8":"product_cat-comix-buro","9":"product_cat-sa-majeste-des-ours","10":"product_cat-tous","12":"first","13":"instock","14":"taxable","15":"shipping-taxable","16":"purchasable","17":"product-type-simple"},"yoast_head":"<!-- This site is optimized with the Yoast SEO plugin v26.9 - https:\/\/yoast.com\/product\/yoast-seo-wordpress\/ -->\n<title>Sa majest\u00e9 des ours - tome 2 - comixburo.com<\/title>\n<meta name=\"description\" content=\"Sa Majest\u00e9 des Ours - Nous tomberons ensemble - Ifrit d\u00e9couvre ses origines tandis que le royaume de Holmgaard sombre dans le chaos.\" \/>\n<meta name=\"robots\" content=\"index, follow, max-snippet:-1, max-image-preview:large, max-video-preview:-1\" \/>\n<link rel=\"canonical\" href=\"https:\/\/comixburo.com\/en\/product\/sa-majeste-des-ours-tome-2\/\" \/>\n<meta property=\"og:locale\" content=\"en_GB\" \/>\n<meta property=\"og:type\" content=\"article\" \/>\n<meta property=\"og:title\" content=\"Sa majest\u00e9 des ours - tome 2 - comixburo.com\" \/>\n<meta property=\"og:description\" content=\"Sa Majest\u00e9 des Ours - Nous tomberons ensemble - Ifrit d\u00e9couvre ses origines tandis que le royaume de Holmgaard sombre dans le chaos.\" \/>\n<meta property=\"og:url\" content=\"https:\/\/comixburo.com\/en\/product\/sa-majeste-des-ours-tome-2\/\" \/>\n<meta property=\"og:site_name\" content=\"comixburo.com\" \/>\n<meta property=\"article:publisher\" content=\"https:\/\/www.facebook.com\/comixburo\" \/>\n<meta property=\"article:modified_time\" content=\"2025-05-06T09:13:58+00:00\" \/>\n<meta property=\"og:image\" content=\"https:\/\/comixburo.com\/wp-content\/uploads\/2024\/10\/sa-majeste-des-ours-tome-2-Comix-Buro.webp\" \/>\n\t<meta property=\"og:image:width\" content=\"600\" \/>\n\t<meta property=\"og:image:height\" content=\"800\" \/>\n\t<meta property=\"og:image:type\" content=\"image\/webp\" \/>\n<meta name=\"twitter:card\" content=\"summary_large_image\" \/>\n<meta name=\"twitter:label1\" content=\"Estimated reading time\" \/>\n\t<meta name=\"twitter:data1\" content=\"1 minute\" \/>\n<script type=\"application\/ld+json\" class=\"yoast-schema-graph\">{\"@context\":\"https:\/\/schema.org\",\"@graph\":[{\"@type\":\"WebPage\",\"@id\":\"https:\/\/comixburo.com\/produit\/sa-majeste-des-ours-tome-2\/\",\"url\":\"https:\/\/comixburo.com\/produit\/sa-majeste-des-ours-tome-2\/\",\"name\":\"Sa majest\u00e9 des ours - tome 2 - comixburo.com\",\"isPartOf\":{\"@id\":\"https:\/\/comixburo.com\/#website\"},\"primaryImageOfPage\":{\"@id\":\"https:\/\/comixburo.com\/produit\/sa-majeste-des-ours-tome-2\/#primaryimage\"},\"image\":{\"@id\":\"https:\/\/comixburo.com\/produit\/sa-majeste-des-ours-tome-2\/#primaryimage\"},\"thumbnailUrl\":\"https:\/\/comixburo.com\/wp-content\/uploads\/2024\/10\/sa-majeste-des-ours-tome-2-Comix-Buro.webp\",\"datePublished\":\"2024-10-28T11:04:35+00:00\",\"dateModified\":\"2025-05-06T09:13:58+00:00\",\"description\":\"Sa Majest\u00e9 des Ours - Nous tomberons ensemble - Ifrit d\u00e9couvre ses origines tandis que le royaume de Holmgaard sombre dans le chaos.\",\"breadcrumb\":{\"@id\":\"https:\/\/comixburo.com\/produit\/sa-majeste-des-ours-tome-2\/#breadcrumb\"},\"inLanguage\":\"en-GB\",\"potentialAction\":[{\"@type\":\"ReadAction\",\"target\":[\"https:\/\/comixburo.com\/produit\/sa-majeste-des-ours-tome-2\/\"]}]},{\"@type\":\"ImageObject\",\"inLanguage\":\"en-GB\",\"@id\":\"https:\/\/comixburo.com\/produit\/sa-majeste-des-ours-tome-2\/#primaryimage\",\"url\":\"https:\/\/comixburo.com\/wp-content\/uploads\/2024\/10\/sa-majeste-des-ours-tome-2-Comix-Buro.webp\",\"contentUrl\":\"https:\/\/comixburo.com\/wp-content\/uploads\/2024\/10\/sa-majeste-des-ours-tome-2-Comix-Buro.webp\",\"width\":600,\"height\":800,\"caption\":\"Couverture de sa majest\u00e9 des ours tome 2\"},{\"@type\":\"BreadcrumbList\",\"@id\":\"https:\/\/comixburo.com\/produit\/sa-majeste-des-ours-tome-2\/#breadcrumb\",\"itemListElement\":[{\"@type\":\"ListItem\",\"position\":1,\"name\":\"Home\",\"item\":\"https:\/\/comixburo.com\/\"},{\"@type\":\"ListItem\",\"position\":2,\"name\":\"La boutique Comix Buro\",\"item\":\"https:\/\/comixburo.com\/la-boutique-comix-buro\/\"},{\"@type\":\"ListItem\",\"position\":3,\"name\":\"Sa majest\u00e9 des ours &#8211; tome 2\"}]},{\"@type\":\"WebSite\",\"@id\":\"https:\/\/comixburo.com\/#website\",\"url\":\"https:\/\/comixburo.com\/\",\"name\":\"comixburo.com\",\"description\":\"Cr\u00e9ateur de projets : Sketchbook d&#039;artistes !\",\"publisher\":{\"@id\":\"https:\/\/comixburo.com\/#organization\"},\"alternateName\":\"Comix Buro\",\"potentialAction\":[{\"@type\":\"SearchAction\",\"target\":{\"@type\":\"EntryPoint\",\"urlTemplate\":\"https:\/\/comixburo.com\/?s={search_term_string}\"},\"query-input\":{\"@type\":\"PropertyValueSpecification\",\"valueRequired\":true,\"valueName\":\"search_term_string\"}}],\"inLanguage\":\"en-GB\"},{\"@type\":\"Organization\",\"@id\":\"https:\/\/comixburo.com\/#organization\",\"name\":\"comixburo.com\",\"url\":\"https:\/\/comixburo.com\/\",\"logo\":{\"@type\":\"ImageObject\",\"inLanguage\":\"en-GB\",\"@id\":\"https:\/\/comixburo.com\/#\/schema\/logo\/image\/\",\"url\":\"https:\/\/comixburo.com\/wp-content\/uploads\/2025\/04\/logo-cxb-ROND.webp\",\"contentUrl\":\"https:\/\/comixburo.com\/wp-content\/uploads\/2025\/04\/logo-cxb-ROND.webp\",\"width\":200,\"height\":200,\"caption\":\"comixburo.com\"},\"image\":{\"@id\":\"https:\/\/comixburo.com\/#\/schema\/logo\/image\/\"},\"sameAs\":[\"https:\/\/www.facebook.com\/comixburo\",\"https:\/\/www.instagram.com\/comixburo\/\"]}]}<\/script>\n<!-- \/ Yoast SEO plugin. -->","yoast_head_json":{"title":"Sa majest\u00e9 des ours - tome 2 - comixburo.com","description":"Sa Majest\u00e9 des Ours - Nous tomberons ensemble - Ifrit d\u00e9couvre ses origines tandis que le royaume de Holmgaard sombre dans le chaos.","robots":{"index":"index","follow":"follow","max-snippet":"max-snippet:-1","max-image-preview":"max-image-preview:large","max-video-preview":"max-video-preview:-1"},"canonical":"https:\/\/comixburo.com\/en\/product\/sa-majeste-des-ours-tome-2\/","og_locale":"en_GB","og_type":"article","og_title":"Sa majest\u00e9 des ours - tome 2 - comixburo.com","og_description":"Sa Majest\u00e9 des Ours - Nous tomberons ensemble - Ifrit d\u00e9couvre ses origines tandis que le royaume de Holmgaard sombre dans le chaos.","og_url":"https:\/\/comixburo.com\/en\/product\/sa-majeste-des-ours-tome-2\/","og_site_name":"comixburo.com","article_publisher":"https:\/\/www.facebook.com\/comixburo","article_modified_time":"2025-05-06T09:13:58+00:00","og_image":[{"width":600,"height":800,"url":"https:\/\/comixburo.com\/wp-content\/uploads\/2024\/10\/sa-majeste-des-ours-tome-2-Comix-Buro.webp","type":"image\/webp"}],"twitter_card":"summary_large_image","twitter_misc":{"Estimated reading time":"1 minute"},"schema":{"@context":"https:\/\/schema.org","@graph":[{"@type":"WebPage","@id":"https:\/\/comixburo.com\/produit\/sa-majeste-des-ours-tome-2\/","url":"https:\/\/comixburo.com\/produit\/sa-majeste-des-ours-tome-2\/","name":"Sa majest\u00e9 des ours - tome 2 - comixburo.com","isPartOf":{"@id":"https:\/\/comixburo.com\/#website"},"primaryImageOfPage":{"@id":"https:\/\/comixburo.com\/produit\/sa-majeste-des-ours-tome-2\/#primaryimage"},"image":{"@id":"https:\/\/comixburo.com\/produit\/sa-majeste-des-ours-tome-2\/#primaryimage"},"thumbnailUrl":"https:\/\/comixburo.com\/wp-content\/uploads\/2024\/10\/sa-majeste-des-ours-tome-2-Comix-Buro.webp","datePublished":"2024-10-28T11:04:35+00:00","dateModified":"2025-05-06T09:13:58+00:00","description":"Sa Majest\u00e9 des Ours - Nous tomberons ensemble - Ifrit d\u00e9couvre ses origines tandis que le royaume de Holmgaard sombre dans le chaos.","breadcrumb":{"@id":"https:\/\/comixburo.com\/produit\/sa-majeste-des-ours-tome-2\/#breadcrumb"},"inLanguage":"en-GB","potentialAction":[{"@type":"ReadAction","target":["https:\/\/comixburo.com\/produit\/sa-majeste-des-ours-tome-2\/"]}]},{"@type":"ImageObject","inLanguage":"en-GB","@id":"https:\/\/comixburo.com\/produit\/sa-majeste-des-ours-tome-2\/#primaryimage","url":"https:\/\/comixburo.com\/wp-content\/uploads\/2024\/10\/sa-majeste-des-ours-tome-2-Comix-Buro.webp","contentUrl":"https:\/\/comixburo.com\/wp-content\/uploads\/2024\/10\/sa-majeste-des-ours-tome-2-Comix-Buro.webp","width":600,"height":800,"caption":"Couverture de sa majest\u00e9 des ours tome 2"},{"@type":"BreadcrumbList","@id":"https:\/\/comixburo.com\/produit\/sa-majeste-des-ours-tome-2\/#breadcrumb","itemListElement":[{"@type":"ListItem","position":1,"name":"Home","item":"https:\/\/comixburo.com\/"},{"@type":"ListItem","position":2,"name":"La boutique Comix Buro","item":"https:\/\/comixburo.com\/la-boutique-comix-buro\/"},{"@type":"ListItem","position":3,"name":"Sa majest\u00e9 des ours &#8211; tome 2"}]},{"@type":"WebSite","@id":"https:\/\/comixburo.com\/#website","url":"https:\/\/comixburo.com\/","name":"comixburo.com","description":"Cr\u00e9ateur de projets : Sketchbook d&#039;artistes !","publisher":{"@id":"https:\/\/comixburo.com\/#organization"},"alternateName":"Comix Buro","potentialAction":[{"@type":"SearchAction","target":{"@type":"EntryPoint","urlTemplate":"https:\/\/comixburo.com\/?s={search_term_string}"},"query-input":{"@type":"PropertyValueSpecification","valueRequired":true,"valueName":"search_term_string"}}],"inLanguage":"en-GB"},{"@type":"Organization","@id":"https:\/\/comixburo.com\/#organization","name":"comixburo.com","url":"https:\/\/comixburo.com\/","logo":{"@type":"ImageObject","inLanguage":"en-GB","@id":"https:\/\/comixburo.com\/#\/schema\/logo\/image\/","url":"https:\/\/comixburo.com\/wp-content\/uploads\/2025\/04\/logo-cxb-ROND.webp","contentUrl":"https:\/\/comixburo.com\/wp-content\/uploads\/2025\/04\/logo-cxb-ROND.webp","width":200,"height":200,"caption":"comixburo.com"},"image":{"@id":"https:\/\/comixburo.com\/#\/schema\/logo\/image\/"},"sameAs":["https:\/\/www.facebook.com\/comixburo","https:\/\/www.instagram.com\/comixburo\/"]}]}},"jetpack_sharing_enabled":true,"_links":{"self":[{"href":"https:\/\/comixburo.com\/en\/wp-json\/wp\/v2\/product\/16304","targetHints":{"allow":["GET"]}}],"collection":[{"href":"https:\/\/comixburo.com\/en\/wp-json\/wp\/v2\/product"}],"about":[{"href":"https:\/\/comixburo.com\/en\/wp-json\/wp\/v2\/types\/product"}],"replies":[{"embeddable":true,"href":"https:\/\/comixburo.com\/en\/wp-json\/wp\/v2\/comments?post=16304"}],"version-history":[{"count":3,"href":"https:\/\/comixburo.com\/en\/wp-json\/wp\/v2\/product\/16304\/revisions"}],"predecessor-version":[{"id":19687,"href":"https:\/\/comixburo.com\/en\/wp-json\/wp\/v2\/product\/16304\/revisions\/19687"}],"wp:featuredmedia":[{"embeddable":true,"href":"https:\/\/comixburo.com\/en\/wp-json\/wp\/v2\/media\/16035"}],"wp:attachment":[{"href":"https:\/\/comixburo.com\/en\/wp-json\/wp\/v2\/media?parent=16304"}],"wp:term":[{"taxonomy":"product_brand","embeddable":true,"href":"https:\/\/comixburo.com\/en\/wp-json\/wp\/v2\/product_brand?post=16304"},{"taxonomy":"product_cat","embeddable":true,"href":"https:\/\/comixburo.com\/en\/wp-json\/wp\/v2\/product_cat?post=16304"},{"taxonomy":"product_tag","embeddable":true,"href":"https:\/\/comixburo.com\/en\/wp-json\/wp\/v2\/product_tag?post=16304"}],"curies":[{"name":"wp","href":"https:\/\/api.w.org\/{rel}","templated":true}]}}